{"id":113,"date":"2015-05-06T14:15:36","date_gmt":"2015-05-06T13:15:36","guid":{"rendered":"http:\/\/laboratoiredesmetiers.com\/?page_id=113"},"modified":"2020-06-16T14:41:41","modified_gmt":"2020-06-16T13:41:41","slug":"collaborateurs","status":"publish","type":"page","link":"https:\/\/laboratoiredesmetiers.com\/?page_id=113","title":{"rendered":"Collaborateurs et participants"},"content":{"rendered":"<h3>Centres de formation professionnelle<\/h3>\n<ul>\n<li><a href=\"http:\/\/www.cfmfp.ca\/\" target=\"_blank\" rel=\"noopener\">Carrefour Formation Mauricie<\/a>, Commission scolaire de l&rsquo;\u00c9nergie, Shawinigan (Qu\u00e9bec)<\/li>\n<li><a href=\"http:\/\/web.cskamloup.qc.ca\/cfppa\/spip.php?page=sommaire\">Centre de formation professionnelle Pavillon-de-l&rsquo;Avenir<\/a>, Commission scolaire de Kamouraska-Rivi\u00e8re-du-Loup, Rivi\u00e8re-du-Loup (Qu\u00e9bec)<\/li>\n<li><a href=\"http:\/\/www.cfpenvolee.com\/\" target=\"_blank\" rel=\"noopener\">Centre de formation professionnelle de l\u2019Envol\u00e9e<\/a>, Commission scolaire de la C\u00f4te-du-Sud, Montmagny (Qu\u00e9bec)<\/li>\n<li><a href=\"http:\/\/web.csdn.qc.ca\/ecoles\/centre-de-formation-professionnelle-de-levis\" target=\"_blank\" rel=\"noopener\">Centre de formation professionnelle de L\u00e9vis<\/a>, Commission scolaire des Navigateurs, L\u00e9vis (Qu\u00e9bec)<\/li>\n<li><a href=\"http:\/\/formationcontinue.csduroy.qc.ca\/\" target=\"_blank\" rel=\"noopener\">Centre de formation professionnelle Qualitech<\/a>, Commission scolaire du Chemin-du-Roy, Cap-de-la-Madeleine (Qu\u00e9bec)<\/li>\n<li><a href=\"https:\/\/www.srafp.com\/cfpdetails.aspx?code=823423\" target=\"_blank\" rel=\"noopener\">Centre int\u00e9gr\u00e9 de m\u00e9canique industrielle de la Chaudi\u00e8re<\/a>, Commission scolaire de la Beauce-Etchemin, Saint-Georges (Qu\u00e9bec)<\/li>\n<li><a href=\"https:\/\/www.csbe.qc.ca\/la-fp-pour-moi\/Centres\/CFP_Pozer.html\">Centre de formation professionnelle Pozer<\/a>, Commission scolaire de la Beauce-Etchemin, Saint-Georges (Qu\u00e9bec)<\/li>\n<li><a href=\"http:\/\/cfpsaguenay.qc.ca\/\">Centre de formation professionnelle l&rsquo;Oasis<\/a>, Commission scolaire des\u00a0 Rives-du-Saguenay (Chicoutimi, Qu\u00e9bec)<\/li>\n<li><a href=\"http:\/\/belavenir.csduroy.qc.ca\/\">Centre de formation professionnelle Bel-Avenir<\/a>, Commission scolaire du Chemin-du-Roy (Trois-Rivi\u00e8res, Qu\u00e9bec)<\/li>\n<\/ul>\n<p><\/br><\/p>\n<h3>Entreprises<\/h3>\n<ul>\n<li><a href=\"http:\/\/www.berger.ca\/fr\/\" target=\"_blank\" rel=\"noopener\">Berger<\/a>, Saint-Modeste\u00a0(Qu\u00e9bec)<\/li>\n<li><a href=\"http:\/\/www.verreaultnavigation.com\/\" target=\"_blank\" rel=\"noopener\">Groupe Maritime Verreault inc.<\/a>, Les M\u00e9chins\u00a0(Qu\u00e9bec)<\/li>\n<li><a href=\"http:\/\/www.industriesdesjardins.qc.ca\/\">Les Industries Desjardins Lt\u00e9e<\/a>, Saint-Andr\u00e9 (Qu\u00e9bec)<\/li>\n<li><a href=\"http:\/\/www.premiertech.com\/global\/fr\/\" target=\"_blank\" rel=\"noopener\">Premier Tech<\/a>, Rivi\u00e8re-du-Loup\u00a0(Qu\u00e9bec)<\/li>\n<li>Soudures RGM, Rivi\u00e8re-du-Loup\u00a0(Qu\u00e9bec)<\/li>\n<li><a href=\"http:\/\/www.usinagefr.com\/\" target=\"_blank\" rel=\"noopener\">Usinage F. R.<\/a>, Saint-Antonin\u00a0(Qu\u00e9bec)<\/li>\n<li><a href=\"http:\/\/www.xmetal.ca\/\" target=\"_blank\" rel=\"noopener\">XMetal\/Cotech<\/a>, L&rsquo;Isle-Verte\u00a0(Qu\u00e9bec)<\/li>\n<\/ul>\n<p><\/br><\/p>\n<h3>Participants<\/h3>\n<p><strong>MILIEU DU TRAVAIL <\/strong><\/p>\n<p>Machinistes\u00a0:<strong>\u00a0Tim Gagn\u00e9, Martin Jalbert,\u00a0<\/strong><strong>Fran\u00e7ois Rossignol <\/strong>(PAMT), <strong>Sylvain Rossignol <\/strong>(technicien fabrication CNC), <strong>Andr\u00e9 Th\u00e9riault<\/strong><\/p>\n<p>Soudeuse-monteuse et soudeurs-monteurs\u00a0:<strong> Cathy B\u00e9langer<\/strong>, <strong>Claudin Caron, Louis Dionne<\/strong>, <strong>Harold Gendron <\/strong>(PAMT), <strong>Martin Gendron, Giuliano Kerschbaumer, Donald Lebel\u00a0<\/strong>et<strong>\u00a0Simon Pelletier<\/strong><br \/>\n<\/br><br \/>\n<strong>MILIEU DE L&rsquo;\u00c9DUCATION<\/strong><\/p>\n<p><em>Enseignantes et enseignant en Sant\u00e9, assistance et soins infirmiers\u00a0<\/em>:<strong> Genevi\u00e8ve Dionne, Val\u00e9rie Dufour, Genevi\u00e8ve Gagn\u00e9, Karine Gagn\u00e9, Ang\u00e9lique Jouffrey <\/strong>et<strong> Jimmy Maheux<br \/>\n<\/strong><\/p>\n<p>Enseignants en<em>\u00a0Techniques d\u2019usinage <\/em>:<strong>\u00a0Michel Boucher, Yves Couillard, Beno\u00eet Mandin,<\/strong>\u00a0<strong>Maxime Mercier, Claude Villemure <\/strong>(\u00c9lectrom\u00e9canique de syst\u00e8mes automatis\u00e9s)<\/p>\n<p>Enseignants en\u00a0<em>Soudage-montage\u00a0<\/em>:<strong> Philippe Labrecque <\/strong>et\u00a0<strong>Ghislain Lacroix<\/strong><\/p>\n<p>Enseignants en\u00a0<em>M\u00e9canique industrielle de construction et d\u2019entretien<\/em>\u00a0:<strong> Luc Roberge <\/strong>et\u00a0<strong>Luc Tousignant<\/strong><\/p>\n<p>&nbsp;<\/p>\n","protected":false},"excerpt":{"rendered":"<p>Centres de formation professionnelle Carrefour Formation Mauricie, Commission scolaire de l&rsquo;\u00c9nergie, Shawinigan (Qu\u00e9bec) Centre de formation professionnelle Pavillon-de-l&rsquo;Avenir, Commission scolaire de Kamouraska-Rivi\u00e8re-du-Loup, Rivi\u00e8re-du-Loup (Qu\u00e9bec) Centre de formation professionnelle de l\u2019Envol\u00e9e, Commission scolaire de la C\u00f4te-du-Sud, Montmagny (Qu\u00e9bec) Centre de formation professionnelle de L\u00e9vis, Commission scolaire des Navigateurs, L\u00e9vis (Qu\u00e9bec) Centre de formation professionnelle Qualitech, Commission [&hellip;]<\/p>\n","protected":false},"author":2,"featured_media":122,"parent":71,"menu_order":0,"comment_status":"open","ping_status":"closed","template":"","meta":{"footnotes":""},"_links":{"self":[{"href":"https:\/\/laboratoiredesmetiers.com\/index.php?rest_route=\/wp\/v2\/pages\/113"}],"collection":[{"href":"https:\/\/laboratoiredesmetiers.com\/index.php?rest_route=\/wp\/v2\/pages"}],"about":[{"href":"https:\/\/laboratoiredesmetiers.com\/index.php?rest_route=\/wp\/v2\/types\/page"}],"author":[{"embeddable":true,"href":"https:\/\/laboratoiredesmetiers.com\/index.php?rest_route=\/wp\/v2\/users\/2"}],"replies":[{"embeddable":true,"href":"https:\/\/laboratoiredesmetiers.com\/index.php?rest_route=%2Fwp%2Fv2%2Fcomments&post=113"}],"version-history":[{"count":36,"href":"https:\/\/laboratoiredesmetiers.com\/index.php?rest_route=\/wp\/v2\/pages\/113\/revisions"}],"predecessor-version":[{"id":351,"href":"https:\/\/laboratoiredesmetiers.com\/index.php?rest_route=\/wp\/v2\/pages\/113\/revisions\/351"}],"up":[{"embeddable":true,"href":"https:\/\/laboratoiredesmetiers.com\/index.php?rest_route=\/wp\/v2\/pages\/71"}],"wp:featuredmedia":[{"embeddable":true,"href":"https:\/\/laboratoiredesmetiers.com\/index.php?rest_route=\/wp\/v2\/media\/122"}],"wp:attachment":[{"href":"https:\/\/laboratoiredesmetiers.com\/index.php?rest_route=%2Fwp%2Fv2%2Fmedia&parent=113"}],"curies":[{"name":"wp","href":"https:\/\/api.w.org\/{rel}","templated":true}]}}